{"id":214678,"date":"2020-01-30T18:17:20","date_gmt":"2020-01-30T17:17:20","guid":{"rendered":"http:\/\/www.fleurus-athletisme.be\/Fleu\/?page_id=214678"},"modified":"2020-01-30T18:17:20","modified_gmt":"2020-01-30T17:17:20","slug":"resultats","status":"publish","type":"page","link":"https:\/\/www.fleurus-athletisme.be\/Fleu\/resultats\/","title":{"rendered":"Piste"},"content":{"rendered":"<section id=\"bt_bb_section69f1e115b084f\" class=\"bt_bb_section bt_bb_layout_boxed_1200\"  data-bt-override-class=\"null\"><div class=\"bt_bb_port\"><div class=\"bt_bb_cell\"><div class=\"bt_bb_cell_inner\"><div class=\"bt_bb_row \"  data-bt-override-class=\"{}\"><div class=\"bt_bb_row_holder\" ><div  class=\"bt_bb_column col-xxl-12 col-xl-12 bt_bb_vertical_align_top bt_bb_align_left bt_bb_padding_normal\" style=\"; --column-width:12;\" data-width=\"12\" data-bt-override-class=\"{}\"><div class=\"bt_bb_column_content\"><div class=\"bt_bb_column_content_inner\"><div class=\"bt_bb_separator bt_bb_border_style_none bt_bb_bottom_spacing_normal\" data-bt-override-class=\"null\"><\/div><header class=\"bt_bb_headline bt_bb_dash_none bt_bb_subheadline bt_bb_size_inherit bt_bb_align_inherit\" data-bt-override-class=\"{&quot;bt_bb_size_&quot;:{&quot;current_class&quot;:&quot;bt_bb_size_inherit&quot;,&quot;xxl&quot;:&quot;inherit&quot;,&quot;xl&quot;:&quot;inherit&quot;},&quot;bt_bb_align_&quot;:{&quot;current_class&quot;:&quot;bt_bb_align_inherit&quot;,&quot;xxl&quot;:&quot;inherit&quot;,&quot;xl&quot;:&quot;inherit&quot;}}\"><h1 class=\"bt_bb_headline_tag\"><span class=\"bt_bb_headline_content\"><span>R\u00e9sultats<\/span><\/span><\/h1><div class=\"bt_bb_headline_subheadline\">SAISON 2020-2021<\/p><br \/>\n<p>Voici les r\u00e9sultats des derni\u00e8res comp\u00e9titions de nos athl\u00e8tes.<\/div><\/header><div class=\"bt_bb_separator bt_bb_border_style_none bt_bb_bottom_spacing_normal\" data-bt-override-class=\"null\"><\/div><div  class=\"bt_bb_text\" ><\/p>\n<p>Ci-dessous, vous retrouverez deux formulaires. Le premier concerne les inscriptions pour les championnats. Le second est \u00e0 remplir apr\u00e8s une course, une comp\u00e9tition afin que nous encodions vos r\u00e9sultats et que nous puissions avoir un meilleur suivi.<\/p>\n<p>\n<\/div><div class=\"bt_bb_separator bt_bb_border_style_none bt_bb_bottom_spacing_small\" data-bt-override-class=\"null\"><\/div><div class=\"bt_bb_button bt_bb_color_scheme_5 bt_bb_icon_position_left bt_bb_style_outline bt_bb_size_normal bt_bb_width_inline bt_bb_shape_inherit bt_bb_target_blank bt_bb_align_inherit\" style=\"; --primary-color:#191919; --secondary-color:#000000;\" data-bt-override-class=\"{}\"><a href=\"https:\/\/form.jotform.com\/202373595336055\" target=\"_blank\" class=\"bt_bb_link\" title=\"Inscription championnats\"><span class=\"bt_bb_button_text\" >Inscription championnats<\/span><\/a><\/div><div class=\"bt_bb_button bt_bb_color_scheme_5 bt_bb_icon_position_left bt_bb_style_outline bt_bb_size_normal bt_bb_width_inline bt_bb_shape_inherit bt_bb_target_blank bt_bb_align_inherit\" style=\"; --primary-color:#191919; --secondary-color:#000000;\" data-bt-override-class=\"{}\"><a href=\"https:\/\/form.jotform.com\/202373783330048\" target=\"_blank\" class=\"bt_bb_link\" title=\"Encodage r\u00e9sultats\"><span class=\"bt_bb_button_text\" >Encodage r\u00e9sultats<\/span><\/a><\/div><div class=\"bt_bb_separator bt_bb_border_style_none bt_bb_bottom_spacing_normal\" data-bt-override-class=\"null\"><\/div><\/div><\/div><\/div><\/div><\/div><div class=\"bt_bb_row \"  data-bt-override-class=\"{}\"><div class=\"bt_bb_row_holder\" ><div  class=\"bt_bb_column col-xxl-4 col-xl-4 col-xs-12 col-sm-12 col-md-12 col-lg-4 bt_bb_vertical_align_top bt_bb_align_left bt_bb_padding_normal\" style=\"; --column-width:4;\" data-width=\"4\" data-bt-override-class=\"{}\"><div class=\"bt_bb_column_content\"><div class=\"bt_bb_column_content_inner\"><div class=\"bt_bb_separator bt_bb_border_style_none bt_bb_bottom_spacing_normal\" data-bt-override-class=\"null\"><\/div><header class=\"bt_bb_headline bt_bb_dash_none bt_bb_size_inherit bt_bb_align_inherit\" data-bt-override-class=\"{&quot;bt_bb_size_&quot;:{&quot;current_class&quot;:&quot;bt_bb_size_inherit&quot;,&quot;xxl&quot;:&quot;inherit&quot;,&quot;xl&quot;:&quot;inherit&quot;},&quot;bt_bb_align_&quot;:{&quot;current_class&quot;:&quot;bt_bb_align_inherit&quot;,&quot;xxl&quot;:&quot;inherit&quot;,&quot;xl&quot;:&quot;inherit&quot;}}\"><h3 class=\"bt_bb_headline_tag\"><span class=\"bt_bb_headline_content\"><span>OUTDOOR<\/span><\/span><\/h3><\/header><div class=\"bt_bb_separator bt_bb_border_style_none bt_bb_bottom_spacing_normal\" data-bt-override-class=\"null\"><\/div><div  class=\"bt_bb_text\" ><\/p>\n<p><strong>CSF<\/strong> I 21.10.2023 &#8211; <a href=\"http:\/\/www.fleurus-athletisme.be\/Fleu\/wp-content\/uploads\/2023\/10\/CSF.pdf\" target=\"_blank\" rel=\"noopener\"><span style=\"text-decoration: underline;\">R\u00e9sultats<\/span><\/a><\/p>\n<p><strong>RCB<\/strong> I 14.10.2023 &#8211; <a href=\"http:\/\/www.fleurus-athletisme.be\/Fleu\/wp-content\/uploads\/2023\/10\/RCB.pdf\" target=\"_blank\" rel=\"noopener\"><span style=\"text-decoration: underline;\">R\u00e9sultats<\/span><\/a><\/p>\n<p><strong>UAC<\/strong> I 07.10.2023 &#8211; <a href=\"http:\/\/www.fleurus-athletisme.be\/Fleu\/wp-content\/uploads\/2023\/10\/UAC.pdf\" target=\"_blank\" rel=\"noopener\"><span style=\"text-decoration: underline;\">R\u00e9sultats<\/span><\/a><\/p>\n<p><strong>CABW<\/strong> I\u00a0<em>Crit\u00e9rium des Jeunes<\/em> I 30.09.2023 &#8211;\u00a0<span style=\"text-decoration: underline;\"><a href=\"http:\/\/www.fleurus-athletisme.be\/Fleu\/wp-content\/uploads\/2023\/10\/Crite\u0301rium.pdf\" target=\"_blank\" rel=\"noopener\">R\u00e9sultats<\/a><\/span><\/p>\n<p><strong>CS<\/strong> <strong>DYLE<\/strong> I 24.09.2023 &#8211; <a href=\"http:\/\/www.fleurus-athletisme.be\/Fleu\/wp-content\/uploads\/2023\/10\/Perwez-24.09.pdf\" target=\"_blank\" rel=\"noopener\"><span style=\"text-decoration: underline;\">R\u00e9sultats<\/span><\/a><\/p>\n<p><strong>GOSP<\/strong> I 22.09.2023 &#8211;\u00a0<a href=\"http:\/\/www.fleurus-athletisme.be\/Fleu\/wp-content\/uploads\/2023\/10\/Gosp.pdf\" target=\"_blank\" rel=\"noopener\"><span style=\"text-decoration: underline;\">R\u00e9sultats<\/span><\/a><\/p>\n<p><strong>MOHA<\/strong> I\u00a0<em>Championnats du Hainaut BPM <\/em>I 17.09.2023 &#8211;\u00a0<a href=\"http:\/\/www.fleurus-athletisme.be\/Fleu\/wp-content\/uploads\/2023\/09\/hainaut-bpm.pdf\" target=\"_blank\" rel=\"noopener\"><span style=\"text-decoration: underline;\">R\u00e9sultats<\/span><\/a><\/p>\n<p><strong>USBW\u00a0<\/strong>I <em>Championnats de Belgique de relais<\/em> I 17.09.2023 &#8211; <a href=\"http:\/\/www.fleurus-athletisme.be\/Fleu\/wp-content\/uploads\/2023\/09\/relais.pdf\" target=\"_blank\" rel=\"noopener\"><span style=\"text-decoration: underline;\">R\u00e9sultats<\/span><\/a><\/p>\n<p><strong>SMAC<\/strong> I <em>Championnats de Belgique juniors <\/em>I 10.09.2023 &#8211; <span style=\"text-decoration: underline;\">R\u00e9sultats<\/span><\/p>\n<p><strong>Gentbrugge <\/strong>I <em>Championnats de Belgique cadets\/scolaires<\/em> I 02\/03.09.2023 &#8211; <span style=\"text-decoration: underline;\">R\u00e9sultats<\/span><\/p>\n<p><strong>FLEU<\/strong> I 02.09.2023 &#8211; <a href=\"http:\/\/www.fleurus-athletisme.be\/Fleu\/wp-content\/uploads\/2023\/09\/FLEU.pdf\" target=\"_blank\" rel=\"noopener\"><span style=\"text-decoration: underline;\">R\u00e9sultats<\/span><\/a><\/p>\n<p><strong>RIWA<\/strong> I 30.01.2023 &#8211; <a href=\"http:\/\/www.fleurus-athletisme.be\/Fleu\/wp-content\/uploads\/2023\/09\/Riwa.pdf\" target=\"_blank\" rel=\"noopener\"><span style=\"text-decoration: underline;\">R\u00e9sultats<\/span><\/a><\/p>\n<p><strong>RESC<\/strong> I\u00a0<em>Brussels Grand Prix<\/em> I 27.08.2023 &#8211; <a href=\"http:\/\/www.fleurus-athletisme.be\/Fleu\/wp-content\/uploads\/2023\/08\/brussels-grand-prix.pdf\" target=\"_blank\" rel=\"noopener\"><span style=\"text-decoration: underline;\">R\u00e9sultats<\/span><\/a><\/p>\n<p><strong>RFCL<\/strong> I <em>Championnats LBFA cadets\/scolaires <\/em>I 26.08.2023 &#8211; <a href=\"http:\/\/www.fleurus-athletisme.be\/Fleu\/wp-content\/uploads\/2023\/08\/LBFA-cadsco.pdf\" target=\"_blank\" rel=\"noopener\"><span style=\"text-decoration: underline;\">R\u00e9sultats<\/span><\/a><\/p>\n<p><strong>CRAC<\/strong> I 20.08.2023 &#8211; R\u00e9sultats<\/p>\n<p><strong>RESC<\/strong> I\u00a0<em>Grand Prix Mingels<\/em> I 19.08.2023 &#8211;\u00a0<span style=\"text-decoration: underline;\"><a href=\"http:\/\/www.fleurus-athletisme.be\/Fleu\/wp-content\/uploads\/2023\/08\/Mingels.pdf\" target=\"_blank\" rel=\"noopener\">R\u00e9sultats<\/a><\/span><\/p>\n<p><strong>SMAC\u00a0<\/strong>I 18.08.2023 &#8211; <a href=\"http:\/\/www.fleurus-athletisme.be\/Fleu\/wp-content\/uploads\/2023\/08\/SMAC.pdf\" target=\"_blank\" rel=\"noopener\"><span style=\"text-decoration: underline;\">R\u00e9sultats<\/span><\/a><\/p>\n<p><strong>OEH<\/strong> I\u00a0<em>Flanders Cup\u00a0<\/em>I 12.08.2023 &#8211; <a href=\"http:\/\/www.fleurus-athletisme.be\/Fleu\/wp-content\/uploads\/2023\/08\/OEH.pdf\" target=\"_blank\" rel=\"noopener\"><span style=\"text-decoration: underline;\">R\u00e9sultats<\/span><\/a><\/p>\n<p><strong>EA<\/strong> I 06.08.2023 &#8211; <a href=\"http:\/\/www.fleurus-athletisme.be\/Fleu\/wp-content\/uploads\/2023\/08\/aalst.pdf\" target=\"_blank\" rel=\"noopener\"><span style=\"text-decoration: underline;\">R\u00e9sultats<\/span><\/a><\/p>\n<p><strong>VITA<\/strong> I\u00a0<em>Flanders Cup<\/em> I 22.07.2023 &#8211; <a href=\"http:\/\/www.fleurus-athletisme.be\/Fleu\/wp-content\/uploads\/2023\/07\/VITA.pdf\" target=\"_blank\" rel=\"noopener\"><span style=\"text-decoration: underline;\">R\u00e9sultats<\/span><\/a><\/p>\n<p><strong>RFCL<\/strong> I <em>Meeting international de Li\u00e8ge<\/em> I 12.07.2023 &#8211;\u00a0<span style=\"text-decoration: underline;\"><a href=\"http:\/\/www.fleurus-athletisme.be\/Fleu\/wp-content\/uploads\/2023\/07\/Lie\u0300ge.pdf\" target=\"_blank\" rel=\"noopener\">R\u00e9sultats<\/a><\/span><\/p>\n<p><strong>OSGA<\/strong> I <em>Championnats LBFA d&rsquo;\u00e9preuves combin\u00e9es et de relais <\/em>I 08.07.2023 &#8211; <a href=\"http:\/\/www.fleurus-athletisme.be\/Fleu\/wp-content\/uploads\/2023\/07\/Combine\u0301esrelais.pdf\" target=\"_blank\" rel=\"noopener\"><span style=\"text-decoration: underline;\">R\u00e9sultats<\/span><\/a><\/p>\n<p><strong>SMAC<\/strong> I 02.07.2023 &#8211; <a href=\"http:\/\/www.fleurus-athletisme.be\/Fleu\/wp-content\/uploads\/2023\/07\/SMAC.pdf\" target=\"_blank\" rel=\"noopener\"><span style=\"text-decoration: underline;\">R\u00e9sultats<\/span><\/a><\/p>\n<p><strong>HF<\/strong> I C<em>hampionnats LBFA juniors<\/em> I 01.07.2023 &#8211; <a href=\"http:\/\/www.fleurus-athletisme.be\/Fleu\/wp-content\/uploads\/2023\/07\/LBFA-JUN.pdf\" target=\"_blank\" rel=\"noopener\"><span style=\"text-decoration: underline;\">R\u00e9sultats<\/span><\/a><\/p>\n<p><strong>CS DYLE\u00a0<\/strong>I 30.06.2023 &#8211; <a href=\"http:\/\/www.fleurus-athletisme.be\/Fleu\/wp-content\/uploads\/2023\/07\/CS-DYLE.pdf\" target=\"_blank\" rel=\"noopener\"><span style=\"text-decoration: underline;\">R\u00e9sultats<\/span><\/a><\/p>\n<p><strong>CSF<\/strong> I 25.06.2023 &#8211; <a href=\"http:\/\/www.fleurus-athletisme.be\/Fleu\/wp-content\/uploads\/2023\/07\/CSF.pdf\" target=\"_blank\" rel=\"noopener\">R\u00e9sultats<\/a><\/p>\n<p><strong>CRAC<\/strong> I 24.06.2023 &#8211; <a href=\"http:\/\/www.fleurus-athletisme.be\/Fleu\/wp-content\/uploads\/2023\/07\/CRAC.pdf\" target=\"_blank\" rel=\"noopener\"><span style=\"text-decoration: underline;\">R\u00e9sultats<\/span><\/a><\/p>\n<p><strong>ARCH<\/strong> I <em>Golden Series\u00a0<\/em>I 17.06.2023 &#8211; <span style=\"text-decoration: underline;\"><a href=\"http:\/\/www.fleurus-athletisme.be\/Fleu\/wp-content\/uploads\/2023\/07\/CINEY.pdf\" target=\"_blank\" rel=\"noopener\">R\u00e9sultats<\/a><\/span><\/p>\n<p><strong>VS<\/strong> I\u00a0<em>Flanders Cup<\/em> I 10.06.2023 &#8211;\u00a0<span style=\"text-decoration: underline;\"><a href=\"http:\/\/www.fleurus-athletisme.be\/Fleu\/wp-content\/uploads\/2023\/06\/VS-oordegem.pdf\" target=\"_blank\" rel=\"noopener\">R\u00e9sultats<\/a><\/span><\/p>\n<p><strong>CABW<\/strong> I 04.06.2023 \u2013 <a href=\"http:\/\/www.fleurus-athletisme.be\/Fleu\/wp-content\/uploads\/2023\/06\/CABW-riwa.pdf\" target=\"_blank\" rel=\"noopener\"><span style=\"text-decoration: underline;\">R\u00e9sultats<\/span><\/a><\/p>\n<p><strong>ULA<\/strong> I <em>Intercercles cadets\/scolaires<\/em> I 03.06.2023 \u2013 <a href=\"http:\/\/www.fleurus-athletisme.be\/Fleu\/wp-content\/uploads\/2023\/06\/IC-cadsco.pdf\" target=\"_blank\" rel=\"noopener\"><span style=\"text-decoration: underline;\">R\u00e9sultats<\/span><\/a><\/p>\n<p><strong>USBW<\/strong> I\u00a0<em>Golden Series &#8211; Gaston Reiff <\/em>I 28.05.2023 \u2013 <span style=\"text-decoration: underline;\"><a href=\"http:\/\/www.fleurus-athletisme.be\/Fleu\/wp-content\/uploads\/2023\/05\/Gaston-Reiff.pdf\" target=\"_blank\" rel=\"noopener\">R\u00e9sultats<\/a><\/span><\/p>\n<p><strong>EA<\/strong> I\u00a0<em>IFAM<\/em> I 27.05.2023 &#8211;\u00a0<span style=\"text-decoration: underline;\"><a href=\"http:\/\/www.fleurus-athletisme.be\/Fleu\/wp-content\/uploads\/2023\/06\/IFAM-EA.pdf\" target=\"_blank\" rel=\"noopener\">R\u00e9sultats<\/a><\/span><\/p>\n<p><strong>USTA<\/strong> I 27.05.2023 &#8211; <a href=\"http:\/\/www.fleurus-athletisme.be\/Fleu\/wp-content\/uploads\/2023\/06\/USTA.pdf\" target=\"_blank\" rel=\"noopener\"><span style=\"text-decoration: underline;\">R\u00e9sultats<\/span><\/a><\/p>\n<p><strong>WACO<\/strong> I 21.05.2023 \u2013 <span style=\"text-decoration: underline;\"><a href=\"http:\/\/www.fleurus-athletisme.be\/Fleu\/wp-content\/uploads\/2023\/05\/WACO.pdf\" target=\"_blank\" rel=\"noopener\">R\u00e9sultats<\/a><\/span><\/p>\n<p><strong>WS<\/strong> I\u00a0<em>Championnats LBFA TC<\/em> I 18.05.2023 \u2013\u00a0<span style=\"text-decoration: underline;\"><a href=\"http:\/\/www.fleurus-athletisme.be\/Fleu\/wp-content\/uploads\/2023\/05\/LBFA-TC.pdf\" target=\"_blank\" rel=\"noopener\">R\u00e9sultats<\/a><\/span><\/p>\n<p><strong>CS DYLE<\/strong> I 18.05.2023 \u2013 <a href=\"http:\/\/www.fleurus-athletisme.be\/Fleu\/wp-content\/uploads\/2023\/05\/CSDY-BPM.pdf\" target=\"_blank\" rel=\"noopener\"><span style=\"text-decoration: underline;\">R\u00e9sultats<\/span><\/a><\/p>\n<p><strong>VITA<\/strong> I 17.05.2023- <a href=\"http:\/\/www.fleurus-athletisme.be\/Fleu\/wp-content\/uploads\/2023\/05\/VITA.pdf\" target=\"_blank\" rel=\"noopener\"><span style=\"text-decoration: underline;\">R\u00e9sultats<\/span><\/a><\/p>\n<p><strong>FLEU<\/strong> I\u00a0<em>Intercercles TC mixtes<\/em> I 13.05.2023- <a href=\"http:\/\/www.fleurus-athletisme.be\/Fleu\/wp-content\/uploads\/2023\/05\/F3941-Interclubs-mixtes-TC-IV_Liste-des-performances.pdf\" target=\"_blank\" rel=\"noopener\"><span style=\"text-decoration: underline;\">R\u00e9sultats complets<\/span><\/a><strong> \u2013 <\/strong><a href=\"http:\/\/www.fleurus-athletisme.be\/Fleu\/wp-content\/uploads\/2023\/05\/IC-TC.pdf\" target=\"_blank\" rel=\"noopener\"><span style=\"text-decoration: underline;\">R\u00e9sultats club<\/span><\/a><\/p>\n<p><strong>HERV<\/strong> I 06.05.2023 \u2013\u00a0<span style=\"text-decoration: underline;\"><a href=\"http:\/\/www.fleurus-athletisme.be\/Fleu\/wp-content\/uploads\/2023\/05\/Herve.pdf\" target=\"_blank\" rel=\"noopener\">R\u00e9sultats<\/a><\/span><\/p>\n<p><strong>ACHL<\/strong> I 01.05.2023 \u2013 <a href=\"http:\/\/www.fleurus-athletisme.be\/Fleu\/wp-content\/uploads\/2023\/05\/ACHL.pdf\" target=\"_blank\" rel=\"noopener\"><span style=\"text-decoration: underline;\">R\u00e9sultats<\/span><\/a><\/p>\n<p><strong>OCAN<\/strong> I 30.04.2023 \u2013 <a href=\"http:\/\/www.fleurus-athletisme.be\/Fleu\/wp-content\/uploads\/2023\/05\/OCAN.pdf\"><span style=\"text-decoration: underline;\">R\u00e9sultats<\/span><\/a><\/p>\n<p><strong>OSGA<\/strong> I\u00a0<em>Championnats du Hainaut<\/em> I 22.04.2023 \u2013 <a href=\"http:\/\/www.fleurus-athletisme.be\/Fleu\/wp-content\/uploads\/2023\/05\/Hainaut.pdf\" target=\"_blank\" rel=\"noopener\"><span style=\"text-decoration: underline;\">R\u00e9sultats<\/span><\/a><\/p>\n<p><strong>RIWA<\/strong> I 16.04.2023 \u2013 <a href=\"http:\/\/www.fleurus-athletisme.be\/Fleu\/wp-content\/uploads\/2023\/04\/RIWA.pdf\" target=\"_blank\" rel=\"noopener\"><span style=\"text-decoration: underline;\">R\u00e9sultats<\/span><\/a><\/p>\n<p><strong>RFCL<\/strong> I 15.04.2023 \u2013\u00a0<span style=\"text-decoration: underline;\"><a href=\"http:\/\/www.fleurus-athletisme.be\/Fleu\/wp-content\/uploads\/2023\/04\/RFCL.pdf\" target=\"_blank\" rel=\"noopener\">R\u00e9sultats<\/a><\/span><\/p>\n<p><strong>SMAC<\/strong> I 15.04.2023 \u2013 <a href=\"http:\/\/www.fleurus-athletisme.be\/Fleu\/wp-content\/uploads\/2023\/04\/SMAC.pdf\" target=\"_blank\" rel=\"noopener\"><span style=\"text-decoration: underline;\">R\u00e9sultats<\/span><\/a><\/p>\n<p><strong>GOSP\u00a0<\/strong>I 14.04.2023 \u2013 <a href=\"http:\/\/www.fleurus-athletisme.be\/Fleu\/wp-content\/uploads\/2023\/04\/GOSP.pdf\" target=\"_blank\" rel=\"noopener\"><span style=\"text-decoration: underline;\">R\u00e9sultats<\/span><\/a><\/p>\n<p>\n<\/div><div class=\"bt_bb_separator bt_bb_border_style_none bt_bb_bottom_spacing_normal\" data-bt-override-class=\"null\"><\/div><\/div><\/div><\/div><div  class=\"bt_bb_column col-xxl-4 col-xl-4 col-xs-12 col-sm-12 col-md-12 col-lg-4 bt_bb_vertical_align_top bt_bb_align_left bt_bb_padding_normal\" style=\"; --column-width:4;\" data-width=\"4\" data-bt-override-class=\"{}\"><div class=\"bt_bb_column_content\"><div class=\"bt_bb_column_content_inner\"><div class=\"bt_bb_separator bt_bb_border_style_none bt_bb_bottom_spacing_normal\" data-bt-override-class=\"null\"><\/div><header class=\"bt_bb_headline bt_bb_dash_none bt_bb_size_inherit bt_bb_align_inherit\" data-bt-override-class=\"{&quot;bt_bb_size_&quot;:{&quot;current_class&quot;:&quot;bt_bb_size_inherit&quot;,&quot;xxl&quot;:&quot;inherit&quot;,&quot;xl&quot;:&quot;inherit&quot;},&quot;bt_bb_align_&quot;:{&quot;current_class&quot;:&quot;bt_bb_align_inherit&quot;,&quot;xxl&quot;:&quot;inherit&quot;,&quot;xl&quot;:&quot;inherit&quot;}}\"><h3 class=\"bt_bb_headline_tag\"><span class=\"bt_bb_headline_content\"><span>CROSS<\/span><\/span><\/h3><\/header><div class=\"bt_bb_separator bt_bb_border_style_none bt_bb_bottom_spacing_normal\" data-bt-override-class=\"null\"><\/div><div  class=\"bt_bb_text\" ><\/p>\n<p><strong>RUSTA<\/strong> I\u00a0<em>Championnats de Belgique master<\/em> I 12.03.2023 \u2013 <a href=\"http:\/\/www.fleurus-athletisme.be\/Fleu\/wp-content\/uploads\/2023\/03\/master-cross-bel.pdf\" target=\"_blank\" rel=\"noopener\"><span style=\"text-decoration: underline;\">R\u00e9sultats<\/span><\/a><\/p>\n<p><strong>BRUXELLES<\/strong> I\u00a0<em>Championnats de Belgique<\/em> I 26.02.2023 \u2013\u00a0<a href=\"http:\/\/www.fleurus-athletisme.be\/Fleu\/wp-content\/uploads\/2023\/02\/Capture-de\u0301cran-2023-02-27-a\u0300-15.45.17.png\" target=\"_blank\" rel=\"noopener\"><span style=\"text-decoration: underline;\">R\u00e9sultats<\/span><\/a><\/p>\n<p><strong>FLEU\u00a0<\/strong>I 19.02.2023 \u2013 <a href=\"http:\/\/www.fleurus-athletisme.be\/Fleu\/wp-content\/uploads\/2023\/01\/CROSS.png\" target=\"_blank\" rel=\"noopener\"><span style=\"text-decoration: underline;\">Horaire<\/span><\/a><\/p>\n<p><strong>ACLO <\/strong>I <em>Championnats du Hainaut<\/em> I 05.02.2023 \u2013 <a href=\"http:\/\/www.fleurus-athletisme.be\/Fleu\/wp-content\/uploads\/2023\/02\/Grand-Prix-Bruno-Marchetti-_-Championnat-Provincial_RESULTATS-NON-HOMOLOGUE\u0301S.pdf\" target=\"_blank\" rel=\"noopener\"><span style=\"text-decoration: underline;\">R\u00e9sultats<\/span><\/a><\/p>\n<p><strong>GOSP<\/strong> I 29.01.2023 \u2013 <a href=\"http:\/\/www.fleurus-athletisme.be\/Fleu\/wp-content\/uploads\/2023\/02\/20230129_resultats.pdf\" target=\"_blank\" rel=\"noopener\"><span style=\"text-decoration: underline;\">R\u00e9sultats<\/span><\/a><\/p>\n<p><strong>GEEL<\/strong> I 29.01.2023 \u2013 <a href=\"http:\/\/www.fleurus-athletisme.be\/Fleu\/wp-content\/uploads\/2023\/02\/geel.pdf\" target=\"_blank\" rel=\"noopener\"><span style=\"text-decoration: underline;\">R\u00e9sultats<\/span><\/a><\/p>\n<p><strong>ACHL<\/strong> I 22.01.2023 \u2013 <a href=\"http:\/\/www.fleurus-athletisme.be\/Fleu\/wp-content\/uploads\/2023\/02\/achl.pdf\" target=\"_blank\" rel=\"noopener\"><span style=\"text-decoration: underline;\">R\u00e9sultats<\/span><\/a><\/p>\n<p><strong>HANNUT<\/strong> I Cross Cup \u2013 Championnats LBFA I 22.01.2023 \u2013 R\u00e9sultats<\/p>\n<p><strong>UAC\u00a0<\/strong>I 08.01.2022 \u2013 <a href=\"http:\/\/www.fleurus-athletisme.be\/Fleu\/wp-content\/uploads\/2023\/01\/UAC.pdf\" target=\"_blank\" rel=\"noopener\"><span style=\"text-decoration: underline;\">R\u00e9sultats<\/span><\/a><\/p>\n<p><strong>SMAC\u00a0<\/strong>I 18.12.2022 \u2013 <span style=\"text-decoration: underline;\"><a href=\"http:\/\/www.fleurus-athletisme.be\/Fleu\/wp-content\/uploads\/2022\/12\/SMAC-1.pdf\" target=\"_blank\" rel=\"noopener\">R\u00e9sultats<\/a><\/span><\/p>\n<p><strong>ACCO\u00a0<\/strong>I 11.12.2022 \u2013 <a href=\"http:\/\/www.fleurus-athletisme.be\/Fleu\/wp-content\/uploads\/2022\/12\/ACCO-1.pdf\" target=\"_blank\" rel=\"noopener\"><span style=\"text-decoration: underline;\">R\u00e9sultats<\/span><\/a><\/p>\n<p><strong>RIWA\u00a0<\/strong>I 04.12.2022 \u2013 <span style=\"text-decoration: underline;\"><a href=\"http:\/\/www.fleurus-athletisme.be\/Fleu\/wp-content\/uploads\/2023\/01\/RIWA.pdf\" target=\"_blank\" rel=\"noopener\">R\u00e9sultats<\/a><\/span><\/p>\n<p><strong>ROESELARE <\/strong>I\u00a0<em>Cross Cup\u00a0<\/em>I 27.11.2022 \u2013 <a href=\"http:\/\/www.fleurus-athletisme.be\/Fleu\/wp-content\/uploads\/2022\/12\/Roeselare.png\" target=\"_blank\" rel=\"noopener\"><span style=\"text-decoration: underline;\">R\u00e9sultats<\/span><\/a><\/p>\n<p><strong>MONCEAU<\/strong> I 20.11.2022 \u2013 <a href=\"http:\/\/www.fleurus-athletisme.be\/Fleu\/wp-content\/uploads\/2022\/12\/ACTE.pdf\" target=\"_blank\" rel=\"noopener\"><span style=\"text-decoration: underline;\">R\u00e9sultats<\/span><\/a><\/p>\n<p><strong>OCAN<\/strong> I 20.11.2022 \u2013 <a href=\"http:\/\/www.fleurus-athletisme.be\/Fleu\/wp-content\/uploads\/2023\/01\/OCAN.pdf\" target=\"_blank\" rel=\"noopener\"><span style=\"text-decoration: underline;\">R\u00e9sultats<\/span><\/a><\/p>\n<p><strong>DEINZE<\/strong> I 20.11.2022 \u2013\u00a0<span style=\"text-decoration: underline;\"><a href=\"http:\/\/www.fleurus-athletisme.be\/Fleu\/wp-content\/uploads\/2022\/12\/DEINZE.pdf\" target=\"_blank\" rel=\"noopener\">R\u00e9sultats<\/a><\/span><\/p>\n<p><strong>DS<\/strong> I 13.11.2022 \u2013 <span style=\"text-decoration: underline;\"><a href=\"http:\/\/www.fleurus-athletisme.be\/Fleu\/wp-content\/uploads\/2022\/12\/DS.pdf\" target=\"_blank\" rel=\"noopener\">R\u00e9sultats<\/a><\/span><\/p>\n<p><strong>USBW\u00a0<\/strong>I 12.11.2022 \u2013 <span style=\"text-decoration: underline;\"><a href=\"http:\/\/www.fleurus-athletisme.be\/Fleu\/wp-content\/uploads\/2022\/12\/USBW-1.pdf\" target=\"_blank\" rel=\"noopener\">R\u00e9sultats<\/a><\/span><\/p>\n<p><strong>MECHELEN<\/strong> I 11.11.2022 \u2013 <a href=\"http:\/\/www.fleurus-athletisme.be\/Fleu\/wp-content\/uploads\/2022\/12\/MECHELEN.pdf\" target=\"_blank\" rel=\"noopener\"><span style=\"text-decoration: underline;\">R\u00e9sultats<\/span><\/a><\/p>\n<p><strong>MOHA<\/strong> I 06.11.2022 \u2013 <a href=\"http:\/\/www.fleurus-athletisme.be\/Fleu\/wp-content\/uploads\/2022\/12\/MOHA-1.pdf\" target=\"_blank\" rel=\"noopener\"><span style=\"text-decoration: underline;\">R\u00e9sultats<\/span><\/a><\/p>\n<p><strong>BONHEIDEN<\/strong> I 06.11.2022 \u2013 <a href=\"http:\/\/www.fleurus-athletisme.be\/Fleu\/wp-content\/uploads\/2022\/12\/Bonheiden.pdf\" target=\"_blank\" rel=\"noopener\"><span style=\"text-decoration: underline;\">R\u00e9sultats<\/span><\/a><\/p>\n<p><strong>MOLE<\/strong> I\u00a0<em>Cross Cup<\/em> I 30.10.2022 \u2013\u00a0<span style=\"text-decoration: underline;\"><a href=\"http:\/\/www.fleurus-athletisme.be\/Fleu\/wp-content\/uploads\/2022\/12\/Mole.png\" target=\"_blank\" rel=\"noopener\">R\u00e9sultats<\/a><\/span><\/p>\n<p>\n<\/div><div class=\"bt_bb_separator bt_bb_border_style_none bt_bb_bottom_spacing_normal\" data-bt-override-class=\"null\"><\/div><\/div><\/div><\/div><div  class=\"bt_bb_column col-xxl-4 col-xl-4 col-xs-12 col-sm-12 col-md-12 col-lg-4 bt_bb_vertical_align_top bt_bb_align_left bt_bb_padding_normal\" style=\"; --column-width:4;\" data-width=\"4\" data-bt-override-class=\"{}\"><div class=\"bt_bb_column_content\"><div class=\"bt_bb_column_content_inner\"><div class=\"bt_bb_separator bt_bb_border_style_none bt_bb_bottom_spacing_normal\" data-bt-override-class=\"null\"><\/div><header class=\"bt_bb_headline bt_bb_dash_none bt_bb_size_inherit bt_bb_align_inherit\" data-bt-override-class=\"{&quot;bt_bb_size_&quot;:{&quot;current_class&quot;:&quot;bt_bb_size_inherit&quot;,&quot;xxl&quot;:&quot;inherit&quot;,&quot;xl&quot;:&quot;inherit&quot;},&quot;bt_bb_align_&quot;:{&quot;current_class&quot;:&quot;bt_bb_align_inherit&quot;,&quot;xxl&quot;:&quot;inherit&quot;,&quot;xl&quot;:&quot;inherit&quot;}}\"><h3 class=\"bt_bb_headline_tag\"><span class=\"bt_bb_headline_content\"><span>INDOOR<\/span><\/span><\/h3><\/header><div class=\"bt_bb_separator bt_bb_border_style_none bt_bb_bottom_spacing_normal\" data-bt-override-class=\"null\"><\/div><div  class=\"bt_bb_text\" ><\/p>\n<p><strong>MOHA\u00a0<\/strong>I <em>Crit\u00e9rium du Hainaut<\/em> I 26.03.2023 \u2013 <a href=\"http:\/\/www.fleurus-athletisme.be\/Fleu\/wp-content\/uploads\/2023\/04\/Crite\u0301rium-Hainaut.pdf\" target=\"_blank\" rel=\"noopener\"><span style=\"text-decoration: underline;\">R\u00e9sultats<\/span><\/a><\/p>\n<p><strong>LOUVAIN<\/strong> I\u00a0<em>Championnats de Belgique cadets\/scolaires\u00a0<\/em>I 04.03.2023 \u2013\u00a0<span style=\"text-decoration: underline;\"><a href=\"http:\/\/www.fleurus-athletisme.be\/Fleu\/wp-content\/uploads\/2023\/03\/Belcadsco.pdf\" target=\"_blank\" rel=\"noopener\">R\u00e9sultats<\/a><\/span><\/p>\n<p><strong>LOUVAIN\u00a0<\/strong>I\u00a0<em>Championnats de Belgique masters<\/em> I 25.02.2023 \u2013 <span style=\"text-decoration: underline;\"><a href=\"http:\/\/www.fleurus-athletisme.be\/Fleu\/wp-content\/uploads\/2023\/02\/Bel-master.pdf\" target=\"_blank\" rel=\"noopener\">R\u00e9sultats<\/a><\/span><\/p>\n<p><strong>GAND <\/strong>I\u00a0<em>Championnats de Belgique TC<\/em> I 19.02.2023 \u2013\u00a0<a href=\"http:\/\/www.fleurus-athletisme.be\/Fleu\/wp-content\/uploads\/2023\/02\/BEL-TC.pdf\" target=\"_blank\" rel=\"noopener\"><span style=\"text-decoration: underline;\">R\u00e9sultats<\/span><\/a><\/p>\n<p><strong>EA<\/strong> I 11.02.2023 \u2013 <a href=\"http:\/\/www.fleurus-athletisme.be\/Fleu\/wp-content\/uploads\/2023\/02\/EA.pdf\" target=\"_blank\" rel=\"noopener\"><span style=\"text-decoration: underline;\">R\u00e9sultats<\/span><\/a><\/p>\n<p><strong>GAND<\/strong> I\u00a0<em>IFAM<\/em> I 04.02.2023 \u2013 <a href=\"http:\/\/www.fleurus-athletisme.be\/Fleu\/wp-content\/uploads\/2023\/02\/IFAM.pdf\" target=\"_blank\" rel=\"noopener\"><span style=\"text-decoration: underline;\">R\u00e9sultats<\/span><\/a><\/p>\n<p><strong>LOUVAIN\u00a0<\/strong>I\u00a0<em>Championnats LBFA TC\u00a0<\/em>I 28.01.2021 \u2013 <a href=\"http:\/\/www.fleurus-athletisme.be\/Fleu\/wp-content\/uploads\/2023\/02\/lbfa-TC.pdf\" target=\"_blank\" rel=\"noopener\"><span style=\"text-decoration: underline;\">R\u00e9sultats<\/span><\/a><\/p>\n<p><strong>DS<\/strong> I 22.01.2023 \u2013\u00a0<span style=\"text-decoration: underline;\"><a href=\"http:\/\/www.fleurus-athletisme.be\/Fleu\/wp-content\/uploads\/2023\/02\/DS.pdf\" target=\"_blank\" rel=\"noopener\">R\u00e9sultats<\/a><\/span><\/p>\n<p><strong>MOHA<\/strong> I 15.01.2023 \u2013 <a href=\"http:\/\/www.fleurus-athletisme.be\/Fleu\/wp-content\/uploads\/2023\/02\/moha.pdf\" target=\"_blank\" rel=\"noopener\"><span style=\"text-decoration: underline;\">R\u00e9sultats<\/span><\/a><\/p>\n<p><strong>LOUVAIN <\/strong>I <em>Championnats LBFA cadets\/scolaires + relais TC<\/em> I 14.01.2023 \u2013 <a href=\"http:\/\/www.fleurus-athletisme.be\/Fleu\/wp-content\/uploads\/2023\/02\/LBFA-cadsco.pdf\" target=\"_blank\" rel=\"noopener\"><span style=\"text-decoration: underline;\">R\u00e9sultats<\/span><\/a><\/p>\n<p><strong>LOUVAIN <\/strong>I <em>Championnats du Hainaut<\/em> I 07.01.2023 \u2013\u00a0<a href=\"http:\/\/www.fleurus-athletisme.be\/Fleu\/wp-content\/uploads\/2023\/01\/Provinciaux.pdf\" target=\"_blank\" rel=\"noopener\"><span style=\"text-decoration: underline;\">R\u00e9sultats<\/span><\/a><\/p>\n<p><strong>RCG<\/strong> I 26.12.2022 \u2013 <span style=\"text-decoration: underline;\"><a href=\"http:\/\/www.fleurus-athletisme.be\/Fleu\/wp-content\/uploads\/2022\/12\/RCG.pdf\" target=\"_blank\" rel=\"noopener\">R\u00e9sultats<\/a><\/span><\/p>\n<p><strong>VITA<\/strong> I 17.12.2022 \u2013\u00a0<span style=\"text-decoration: underline;\"><a href=\"http:\/\/www.fleurus-athletisme.be\/Fleu\/wp-content\/uploads\/2022\/12\/VITA.pdf\" target=\"_blank\" rel=\"noopener\">R\u00e9sultats<\/a><\/span><\/p>\n<p><strong>LOUVAIN<\/strong> I 26.11.2022 \u2013 <a href=\"http:\/\/www.fleurus-athletisme.be\/Fleu\/wp-content\/uploads\/2023\/01\/LLN.pdf\" target=\"_blank\" rel=\"noopener\"><span style=\"text-decoration: underline;\">R\u00e9sultats<\/span><\/a><\/p>\n<p>\n<\/div><div class=\"bt_bb_separator bt_bb_border_style_none bt_bb_bottom_spacing_normal\" data-bt-override-class=\"null\"><\/div><\/div><\/div><\/div><\/div><\/div><div class=\"bt_bb_row \"  data-bt-override-class=\"{}\"><div class=\"bt_bb_row_holder\" ><div  class=\"bt_bb_column col-xxl-12 col-xl-12 bt_bb_vertical_align_top bt_bb_align_left bt_bb_padding_normal\" style=\"; --column-width:12;\" data-width=\"12\" data-bt-override-class=\"{}\"><div class=\"bt_bb_column_content\"><div class=\"bt_bb_column_content_inner\"><div class=\"bt_bb_separator bt_bb_border_style_none bt_bb_bottom_spacing_normal\" data-bt-override-class=\"null\"><\/div><div class=\"bt_bb_button bt_bb_icon_position_left bt_bb_style_outline bt_bb_size_normal bt_bb_width_inline bt_bb_shape_inherit bt_bb_target_blank bt_bb_align_inherit\" data-bt-override-class=\"{&quot;bt_bb_size_&quot;:{&quot;current_class&quot;:&quot;bt_bb_size_normal&quot;,&quot;xxl&quot;:&quot;normal&quot;,&quot;xl&quot;:&quot;normal&quot;},&quot;bt_bb_align_&quot;:{&quot;current_class&quot;:&quot;bt_bb_align_inherit&quot;,&quot;xxl&quot;:&quot;inherit&quot;,&quot;xl&quot;:&quot;inherit&quot;}}\"><a href=\"http:\/\/www.fleurus-athletisme.be\/Fleu\/?page_id=215904\" target=\"_blank\" class=\"bt_bb_link\" title=\"Saison 2021-2022\"><span class=\"bt_bb_button_text\" >Saison 2021-2022<\/span><\/a><\/div><div class=\"bt_bb_separator bt_bb_border_style_none bt_bb_bottom_spacing_normal\" data-bt-override-class=\"null\"><\/div><div class=\"bt_bb_button bt_bb_icon_position_left bt_bb_style_outline bt_bb_size_normal bt_bb_width_inline bt_bb_shape_inherit bt_bb_target_blank bt_bb_align_inherit\" data-bt-override-class=\"{&quot;bt_bb_size_&quot;:{&quot;current_class&quot;:&quot;bt_bb_size_normal&quot;,&quot;xxl&quot;:&quot;normal&quot;,&quot;xl&quot;:&quot;normal&quot;},&quot;bt_bb_align_&quot;:{&quot;current_class&quot;:&quot;bt_bb_align_inherit&quot;,&quot;xxl&quot;:&quot;inherit&quot;,&quot;xl&quot;:&quot;inherit&quot;}}\"><a href=\"http:\/\/www.fleurus-athletisme.be\/Fleu\/?page_id=215368\" target=\"_blank\" class=\"bt_bb_link\" title=\"Saison 2020-2021\"><span class=\"bt_bb_button_text\" >Saison 2020-2021<\/span><\/a><\/div><div class=\"bt_bb_separator bt_bb_border_style_none bt_bb_bottom_spacing_normal\" data-bt-override-class=\"null\"><\/div><div class=\"bt_bb_button bt_bb_color_scheme_5 bt_bb_icon_position_left bt_bb_style_outline bt_bb_size_normal bt_bb_width_inline bt_bb_shape_inherit bt_bb_target_blank bt_bb_align_inherit\" style=\"; --primary-color:#191919; --secondary-color:#000000;\" data-bt-override-class=\"{&quot;bt_bb_size_&quot;:{&quot;current_class&quot;:&quot;bt_bb_size_normal&quot;,&quot;xxl&quot;:&quot;normal&quot;,&quot;xl&quot;:&quot;normal&quot;},&quot;bt_bb_align_&quot;:{&quot;current_class&quot;:&quot;bt_bb_align_inherit&quot;,&quot;xxl&quot;:&quot;inherit&quot;,&quot;xl&quot;:&quot;inherit&quot;}}\"><a href=\"http:\/\/www.fleurus-athletisme.be\/Fleu\/?page_id=215227\" target=\"_blank\" class=\"bt_bb_link\" title=\"Saison 2019-2020\"><span class=\"bt_bb_button_text\" >Saison 2019-2020<\/span><\/a><\/div><div class=\"bt_bb_separator bt_bb_border_style_none bt_bb_bottom_spacing_normal\" data-bt-override-class=\"null\"><\/div><div class=\"bt_bb_button bt_bb_color_scheme_5 bt_bb_icon_position_left bt_bb_style_outline bt_bb_size_normal bt_bb_width_inline bt_bb_shape_inherit bt_bb_target_blank bt_bb_align_inherit\" style=\"; --primary-color:#191919; --secondary-color:#000000;\" data-bt-override-class=\"{}\"><a href=\" http:\/\/www.fleurus-athletisme.be\/Fleu\/?page_id=214029\" target=\"_blank\" class=\"bt_bb_link\" title=\"Saison 2018-2019\"><span class=\"bt_bb_button_text\" >Saison 2018-2019<\/span><\/a><\/div><div class=\"bt_bb_separator bt_bb_border_style_none bt_bb_bottom_spacing_medium\" data-bt-override-class=\"null\"><\/div><\/div><\/div><\/div><\/div><\/div><\/div><!-- cell_inner --><\/div><!-- cell --><\/div><!-- port --><\/section>\n","protected":false},"excerpt":{"rendered":"","protected":false},"author":1,"featured_media":214582,"parent":0,"menu_order":0,"comment_status":"closed","ping_status":"closed","template":"","meta":{"footnotes":""},"class_list":["post-214678","page","type-page","status-publish","has-post-thumbnail","hentry"],"_links":{"self":[{"href":"https:\/\/www.fleurus-athletisme.be\/Fleu\/wp-json\/wp\/v2\/pages\/214678","targetHints":{"allow":["GET"]}}],"collection":[{"href":"https:\/\/www.fleurus-athletisme.be\/Fleu\/wp-json\/wp\/v2\/pages"}],"about":[{"href":"https:\/\/www.fleurus-athletisme.be\/Fleu\/wp-json\/wp\/v2\/types\/page"}],"author":[{"embeddable":true,"href":"https:\/\/www.fleurus-athletisme.be\/Fleu\/wp-json\/wp\/v2\/users\/1"}],"replies":[{"embeddable":true,"href":"https:\/\/www.fleurus-athletisme.be\/Fleu\/wp-json\/wp\/v2\/comments?post=214678"}],"version-history":[{"count":0,"href":"https:\/\/www.fleurus-athletisme.be\/Fleu\/wp-json\/wp\/v2\/pages\/214678\/revisions"}],"wp:featuredmedia":[{"embeddable":true,"href":"https:\/\/www.fleurus-athletisme.be\/Fleu\/wp-json\/wp\/v2\/media\/214582"}],"wp:attachment":[{"href":"https:\/\/www.fleurus-athletisme.be\/Fleu\/wp-json\/wp\/v2\/media?parent=214678"}],"curies":[{"name":"wp","href":"https:\/\/api.w.org\/{rel}","templated":true}]}}